{"version":"1.0","provider_name":"Fekete Judit j\u00e1tsz\u00f3tere","provider_url":"https:\/\/feketejudit.cafeblog.hu","author_name":"Fekete Judit","author_url":"https:\/\/feketejudit.cafeblog.hu\/author\/fekete_judit\/","title":"Egy furcsa nap...","html":"Kedves Napl\u00f3m.\n\nMa t\u00f6k kir\u00e1ly napom volt. Nem tudom mi volt ma a feln\u0151ttekkel, de tot\u00e1l meg volt kerg\u00fclve mind. Reggel hal\u00e1l nyugi volt, any\u00e1m sim\u00e1n engedte, hogy indul\u00e1s el\u0151tt k\u00e9t \u00e9s f\u00e9l perccel k\u00e9sz\u00fcljek csak el, m\u00e9g fogat sem kellett mosnom, \u00e9s miut\u00e1n k\u00e9rtem t\u0151le k\u00e9tsz\u00e1z forintot, hal\u00e1l para arccal valamit motyogott arr\u00f3l, hogy isten \u00f3vja Amerik\u00e1t, azt\u00e1n megdobott egy ezressel. Vettem bel\u0151le k\u00e9t zacsk\u00f3 chipset meg egy tasak focisk\u00e1rty\u00e1t. Hehe.\n\nAzt\u00e1n Andi n\u00e9ni azt mondta a tesi \u00f3r\u00e1n, el\u00e9g lesz csak n\u00e9gy k\u00f6rt futnunk a t\u00edz helyett, a mi j\u00f6v\u0151nknek m\u00e1r \u00fagyis annyi. Fogalmunk sem volt, mir\u0151l besz\u00e9l, de mivel Andi n\u00e9ni a legszadist\u00e1bb tan\u00e1r az eg\u00e9sz suliban, sz\u00f3 n\u00e9lk\u00fcl engedelmeskedt\u00fcnk, nehogy meggondolja mag\u00e1t.\n\nD\u00e9lut\u00e1n majdnem h\u00e1zit sem kaptunk, mert az of\u0151 folyton els\u00edrta mag\u00e1t \u00e9s nem b\u00edrta v\u00e9gig mondani, mit kell csin\u00e1lnunk. Folyton csak szipogott, meg fur\u00e1n nyomkodta a szem\u00e9t. Mi meg csak v\u00e1rtunk, h\u00e1tha a sok takony miatt, kimegy a teremb\u0151l \u00e9s elfelejt visszaj\u00f6nni. Persze az eminens Fruzsi r\u00f6gt\u00f6n adott egy halom zsepit, \u00fagyhogy m\u00e9g cs\u00f6nget\u00e9s el\u0151tt kif\u00fajta az orr\u00e1t \u00e9s egy feladatot az\u00e9rt adott nek\u00fcnk. Fruzsival m\u00e9g sz\u00e1molunk. Soha nem \u00e9rtettem, m\u00e9rt j\u00f3 a tan\u00e1rokkal j\u00f3ban lenni. Abb\u00f3l m\u00e9g soha senki nem j\u00f6tt ki j\u00f3l, ha valamelyikkel \u00f6sszebratyizott.\n\nAzt\u00e1n amikor haza\u00e9rtem, any\u00e1\u00e9k \u00e9szre sem vett\u00e9k, hogy k\u00e9stem f\u00e9l \u00f3r\u00e1t, mert \u00e9pp valami klintonr\u00f3l veszekedtek ap\u00e1val. Anya valami n\u0151gy\u0171l\u00f6l\u0151t is emlegetett, amikor bel\u00e9ptem. Megl\u00e1tott \u00e9s meg\u00f6lelt, azt k\u00e9rdezgette, hogy \u00e9n biztosan tisztelni fogom-e a n\u0151ket. Mivel m\u00e1r f\u00e1jt az \u00f6lelget\u00e9se \u00e9s nem kaptam leveg\u0151t a szorongat\u00e1s\u00e1t\u00f3l, gyorsan r\u00e1v\u00e1gtam, hogy persze anya. Mire azt\u00e1n \u00a0elkezdett nevetni meg s\u00edrni egyszerre \u00e9s m\u00e9g azt is megengedte, hogy sz\u00e1m\u00edt\u00f3g\u00e9pezzek, pedig eg\u00e9sz h\u00e9tre el voltam tiltva. Cool, m\u00e1r kezdtem bekattanni g\u00e9p n\u00e9lk\u00fcl.\n\nEgy\u00e9bk\u00e9nt t\u00f6k sir\u00e1ly volt, a Bandi\u00e9kkal kipr\u00f3b\u00e1ltunk egy \u00faj j\u00e1t\u00e9kot, hasonl\u00edt a Minecraftra, csak nem annyira \u00edzi. Azt\u00e1n \u00edrta cseten, hogy n\u00e1luk is t\u00f6k zizi mindenki, \u00fagyhogy bosszant\u00e1sb\u00f3l azt kamuzta a faterj\u00e1nak, hogy szeretne politikus lenni, mire a faterja ink\u00e1bb be\u00edg\u00e9rt neki egy \u00faj git\u00e1rt, ha meg\u00edg\u00e9ri, hogy soha, de soha nem mondja ezt t\u00f6bbet.\n\nAzt mondta, pr\u00f3b\u00e1ljam ki \u00e9n is. Kipr\u00f3b\u00e1ltam, de ap\u00e1m elkezdett nevetni \u00e9s azt mondta, t\u0151le ok\u00e9, csak ne helikopterrel j\u00e1rjak majd. L\u00f6v\u00e9sem nincs, mit akart ezzel. Mondom, hogy ma eg\u00e9sz nap t\u00f6k h\u00fcly\u00e9k.\n\nNa h\u00fazok vacsizni, m\u00e1t\u00f3l k\u00f6z\u00f6sen kell. Any\u00e1\u00e9k szerint mostant\u00f3l ugyanis m\u00e1s vil\u00e1g j\u00f6n, azt mondt\u00e1k, szeretn\u00e9nek sokkal jobban odafigyelni a nevel\u00e9semre, \u00e1ll\u00edt\u00f3lag valami \u0151r\u00fclt, akit tr\u00e1mpnak h\u00edvnak, ugyanolyan kissr\u00e1c volt, mint \u00e9n, azt\u00e1n tess\u00e9k, mi lett bel\u0151le.\n\nMostant\u00f3l k\u00f6z\u00f6s vacsi???\n\n<img class=\" aligncenter\" src=\"http:\/\/www.femcafe.hu\/sites\/default\/files\/images2015\/1_vorosszonyeg\/homealone.gif\" alt=\"K\u00e9ptal\u00e1lat a k\u00f6vetkez\u0151re: \u201ekisfi\u00fa gif\u201d\" \/>","type":"rich","thumbnail_url":"https:\/\/feketejudit.cafeblog.hu\/files\/2016\/11\/dear-diary-picture-days-of-the-week-150x150.jpg","thumbnail_width":150,"thumbnail_height":150}